{"id":43,"date":"2024-12-29T15:27:58","date_gmt":"2024-12-29T14:27:58","guid":{"rendered":"http:\/\/kasalai.cluster027.hosting.ovh.net\/?page_id=43"},"modified":"2025-12-18T21:39:47","modified_gmt":"2025-12-18T20:39:47","slug":"_anciennes_comm","status":"publish","type":"page","link":"https:\/\/kasalab.fr\/index.php\/_anciennes_comm\/","title":{"rendered":"_Anciennes_Comm"},"content":{"rendered":"<p>Avoir l&rsquo;image Kasalab en guise de titre<\/p>\n<div class=\"ACC_LOGO_CAROUSEL\" style=\"height:8vw;\"><\/div>\n<div id=\"ACC_SUJET_1\" class=\"ACC_HAUT\" onclick=\"Stop_Carousel('1')\">\n<div id=\"ACC_NEW_1\" class=\"ACC_NEW\">IN\u00c9DIT !<\/div>\n<div id=\"ACC_CADRE_1\" class=\"ACC_CADRE\">\n<li class=\"ACC_TITRE\">Kas\u00e0l\u00e0 et narrative en Corse<\/li>\n<li id=\"ACC_DATE_1\" class=\"ACC_DATE\"> du 22 au 27 mai<\/li>\n<div id=\"ACC_TEXTE_1\" class=\"ACC_TEXTE\"><span>Un d\u00e9cor de r\u00eave pour d\u00e9couvrir l\u2019union du kas\u00e0l\u00e0<br \/>\net des pratiques narratives en Corse en mai 2025 :<\/span><\/p>\n<li class=\"ACC_LISTE_TOP\">apprendre \u00e0 cr\u00e9er des liens en un temps record<\/li>\n<li class=\"ACC_LISTE\">solidariser une \u00e9quipe<\/li>\n<li class=\"ACC_LISTE\">c\u00e9l\u00e9brer et ritualiser les transitions avec impact et po\u00e9sie<\/li>\n<li class=\"ACC_LISTE\">me projeter avec mes nouvelles comp\u00e9tences<\/li>\n<li class=\"ACC_LISTE\">renouveler mon style et mon inspiration<\/li>\n<li class=\"ACC_LISTE\">tout en prenant du recul et du plaisir<\/li>\n<li class=\"ACC_LISTE\">log\u00e9.e dans une villa \u00e0 200 m\u00e8tres de la plus belle plage de Balagne<\/li>\n<\/div>\n<div class=\"ACC_BOUTON\" id=\"ACC_BOUTON_1\"><span style=\"color:whitesmoke\">Je m\u2019inscris<\/span><\/div>\n<\/div>\n<\/div>\n<div id=\"ACC_SUJET_2\" class=\"ACC_HAUT\" onclick=\"Stop_Carousel('2')\">\n<div class=\"ACC_NEW\">NOUVEAU !<\/div>\n<div class=\"ACC_CADRE\">\n<div class=\"ACC_TITRE\">Combin\u00e9 en ligne &#038; pr\u00e9sentiel<\/div>\n<div class=\"ACC_TITRE\">Kas\u00e0l\u00e0 de la Guerre + Initiation<\/div>\n<div class=\"ACC_DATE\"> les 12 &#038; 28 avril 2025 <\/div>\n<div class=\"ACC_TEXTE\">\n<div class=\"ACC_LISTE_CERTIF_ICONE\"><\/div>\n<div class=\"ACC_LISTE_CERTIF\">Formation certifiante en ligne<\/div>\n<p><span><\/span><\/p>\n<div class=\"ACC_LISTE_SANS ubuntu-regular\">Aller puiser la puissance<\/div>\n<div class=\"ACC_LISTE_SANS ubuntu-regular\">aux sources de la tradition,<\/div>\n<div class=\"ACC_LISTE_SANS ubuntu-regular\">puis ancrer les standards du kas\u00e0l\u00e0<\/div>\n<\/div>\n<div class=\"ACC_BOUTON ubuntu-regular\" style=\"border-color:white; color:white;\"><a style=\"color:whitesmoke;\" href=\"https:\/\/www.helloasso.com\/associations\/kasalab\/evenements\/kasala-de-la-guerre\">Je m&rsquo;inscris<\/a><\/div>\n<\/div>\n<\/div>\n<div id=\"ACC_SUJET_1\" class=\"ACC_HAUT\" onclick=\"Stop_Carousel('1')\">\n<div id=\"ACC_NEW_1\" class=\"ACC_NEW\">IN\u00c9DIT !<\/div>\n<div id=\"ACC_CADRE_1\" class=\"ACC_CADRE\">\n<li class=\"ACC_TITRE\">Kas\u00e0l\u00e0 et narrative en Corse<\/li>\n<li id=\"ACC_DATE_1\" class=\"ACC_DATE\"> du 22 au 27 mai<\/li>\n<div id=\"ACC_TEXTE_1\" class=\"ACC_TEXTE\"><span>Un d\u00e9cor de r\u00eave pour d\u00e9couvrir l\u2019union du kas\u00e0l\u00e0 et des pratiques narratives en Corse en mai 2025 :<\/span><\/p>\n<li class=\"ACC_LISTE_TOP\">apprendre \u00e0 cr\u00e9er des liens en un temps record<\/li>\n<li class=\"ACC_LISTE\">solidariser une \u00e9quipe<\/li>\n<li class=\"ACC_LISTE\">c\u00e9l\u00e9brer et ritualiser les transitions avec impact et po\u00e9sie<\/li>\n<li class=\"ACC_LISTE\">me projeter avec mes nouvelles comp\u00e9tences<\/li>\n<li class=\"ACC_LISTE\">renouveler mon style et mon inspiration<\/li>\n<li class=\"ACC_LISTE\">tout en prenant du recul et du plaisir<\/li>\n<li class=\"ACC_LISTE\">log\u00e9.e dans une villa \u00e0 200 m\u00e8tres de la plus belle plage de Balagne<\/li>\n<\/div>\n<div class=\"ACC_BOUTON\" id=\"ACC_BOUTON_1\"><span style=\"color:whitesmoke\">Je m\u2019inscris<br \/>\nau tarif<\/span><span> early bird<\/span><\/div>\n<\/div>\n<\/div>\n<div id=\"ACC_SUJET_2\" class=\"ACC_HAUT\" onclick=\"Stop_Carousel('2')\">\n<div id=\"ACC_NEW_2\" class=\"ACC_NEW\"><\/div>\n<div id=\"ACC_CADRE_2\" class=\"ACC_CADRE\">\n<li class=\"ACC_TITRE\">Kas\u00e0l\u00e0 de la gratitude<\/li>\n<li id=\"ACC_DATE_2\" class=\"ACC_DATE\"> le 28 septembre en ligne<\/li>\n<div id=\"ACC_TEXTE_2\" class=\"ACC_TEXTE\"><span>La gratitude fait du bien lorsqu&rsquo;on la t\u00e9moigne et lorsqu&rsquo;on la re\u00e7oit. Si la psychologie positive le dit, le kas\u00e0l\u00e0 le chante.<br \/>\nVenez chanter et c\u00e9l\u00e9brer votre gratitude en coeur et en corps, avec Jean Kabuta<\/span><\/div>\n<div class=\"ACC_BOUTON\">J&rsquo;exprime ma gratitude<br \/>\navec le Kas\u00e0l\u00e0<\/div>\n<\/div>\n<\/div>\n<div id=\"ACC_SUJET_3\" class=\"ACC_HAUT\" onclick=\"Stop_Carousel('3')\">\n<div id=\"ACC_NEW_3\" class=\"ACC_NEW\">NOUVEAU !<\/div>\n<div id=\"ACC_CADRE_3\" class=\"ACC_CADRE\">\n<li class=\"ACC_TITRE\">Kas\u00e0l\u00e0 \u00e0 mon anc\u00eatre<\/li>\n<li id=\"ACC_DATE_3\" class=\"ACC_DATE\"> le 12 octobre en ligne<\/li>\n<div id=\"ACC_TEXTE_3\" class=\"ACC_TEXTE\"><span>Et si je me laissais appeler par un.e anc\u00eatre ?<br \/>\nFranchir l\u2019invisible et poser mes mots comme des pas japonais pour lui \u00e9crire, red\u00e9couvrir et honorer ce qui nous relie. Et le c\u00e9l\u00e9brer po\u00e9tiquement, en lui d\u00e9diant un kas\u00e0l\u00e0\u2026<\/span><\/div>\n<div class=\"ACC_BOUTON\">Je me relie \u00e0 mon anc\u00eatre en lui d\u00e9diant un kas\u00e0l\u00e0<\/div>\n<\/div>\n<\/div>\n<div id=\"ACC_SUJET_4\" class=\"ACC_HAUT\" onclick=\"Stop_Carousel('4')\">\n<div id=\"ACC_NEW_4\" class=\"ACC_NEW\">NOUVEAU !<\/div>\n<div id=\"ACC_CADRE_4\" class=\"ACC_CADRE\">\n<li id=\"ACC_TITRE_4\" class=\"ACC_TITRE\">Mon blason po\u00e9tique<\/li>\n<li id=\"ACC_DATE_4\" class=\"ACC_DATE\"> le 26 octobre en ligne<\/li>\n<div id=\"ACC_TEXTE_4\" class=\"ACC_TEXTE\"><span>Regarder les d\u00e9fis et les exploits de ma vie comme les \u00e9l\u00e9ments d\u2019une l\u00e9gende personnelle<br \/>\nY associer des symboles et des images pour dessiner mon blason po\u00e9tique<br \/>\nPuis enrichir mes noms de force pour proclamer un kas\u00e0l\u00e0 de soi \u00e9pique et puissant. Un kas\u00e0l\u00e0 qui r\u00e9veille ma noblesse et me redresse !<\/span><\/div>\n<div class=\"ACC_BOUTON\">Je redore mon blason po\u00e9tique<\/div>\n<\/div>\n<\/div>\n<div id=\"ACC_SUJET_5\" class=\"ACC_HAUT\" onclick=\"Stop_Carousel('5')\">\n<div id=\"ACC_NEW_5\" class=\"ACC_NEW\">NOUVEAU !<\/div>\n<div id=\"ACC_CADRE_5\" class=\"ACC_CADRE\">\n<li class=\"ACC_TITRE\">Kas\u00e0l\u00e0 de la r\u00e9paration<\/li>\n<li id=\"ACC_DATE_5\" class=\"ACC_DATE\">le 9 novembre en ligne<\/li>\n<div id=\"ACC_TEXTE_5\" class=\"ACC_TEXTE\"><span>Regagner confiance et estime de soi en r\u00e9parant les blessures que l\u2019on se fait<\/span><\/p>\n<li class=\"ACC_LISTE_TOP\">En s\u2019adressant des paroles qui nous redressent<\/li>\n<li class=\"ACC_LISTE\">En se c\u00e9l\u00e9brant jusque dans son humilit\u00e9<\/li>\n<p><span><\/span><\/p>\n<li class=\"ACC_LISTE_SANS\">Venez chanter les mots salvateurs de la r\u00e9paration<\/li>\n<\/div>\n<div class=\"ACC_BOUTON\">Je me r\u00e9pare avec le kas\u00e0l\u00e0<\/div>\n<\/div>\n<\/div>\n<div id=\"ACC_SUJET_1\" class=\"ACC_HAUT\" onclick=\"Stop_Carousel('1')\">\n<div class=\"masquer  ACC_NEW\">NOUVEAU !<\/div>\n<div class=\"ACC_CADRE\">\n<div class=\"ACC_LOGO_CAROUSEL\"><\/div>\n<div class=\"ACC_TITRE\">re\u00e7oit Jean Kabuta<\/div>\n<div class=\"ACC_DATE\">les 24 &#038; 25 juin 2025 \u00e0 Paris<\/div>\n<div class=\"ACC_TEXTE\">\n<div class=\"ACC_LISTE_CERTIF_ICONE masquer\"><\/div>\n<div class=\"ACC_LISTE_CERTIF masquer\">Formation certifiante en ligne<\/div>\n<p><span><\/span><\/p>\n<div class=\"ubuntu-regular\">Ma\u00eetrisez l&rsquo;art du kasal\u00e0 en<\/div>\n<div class=\"ubuntu-regular\">deux jours d&rsquo;initiation,<\/div>\n<div class=\"ubuntu-regular\">et d\u00e9couvrez l\u2019ubuntu<\/div>\n<div class=\"ubuntu-regular\">la philosophie que le kasal\u00e0<\/div>\n<div class=\"ubuntu-regular\">incarne.<\/div>\n<\/div>\n<div class=\"ACC_BOUTON ubuntu-regular\" style=\"border-color:white; color:white;\"><a style=\"color:whitesmoke;\" href=\"https:\/\/www.helloasso.com\/associations\/kasalab\/evenements\/s-initier-a-paris-avec-jean-kabuta\">Je m&rsquo;inscris<\/a><\/div>\n<\/div>\n<\/div>\n<div id=\"Carrousel_1\" class=\"Element_Carrousel active\">\n<div class=\"ACC_NEW\">INITIATION.1<\/div>\n<div class=\"ACC_CADRE\">\n<div class=\"ACC_TITRE\">Les standards du Kas\u00e0l\u00e0<\/div>\n<div class=\"ACC_DATE\">le 29 Novembre 2025<\/div>\n<div class=\"ACC_TEXTE\">\n<div class=\"ACC_LISTE_CERTIF_ICONE\"><\/div>\n<div class=\"ACC_LISTE_CERTIF\">Formation certifiante en ligne<\/div>\n<p><span><\/span><\/p>\n<div class=\"ubuntu-regular\">D\u00e9couvrir tous les secrets de<\/div>\n<div class=\"ubuntu-regular\">fabrication d&rsquo;un v\u00e9ritable Kas\u00e0l\u00e0<\/div>\n<div class=\"ACC_LOGO2_CAROUSEL\"><\/div>\n<div class=\"ubuntu-regular\">Une exclusivit\u00e9 de l&rsquo;Ecole Fran\u00e7aise<\/div>\n<div class=\"ubuntu-regular\">de Kas\u00e0l\u00e0 Contemporain<\/div>\n<\/div>\n<div class=\"ACC_BOUTON ubuntu-regular\" style=\"border-color:white; color:white;\"><a style=\"color:whitesmoke;\" href=\"https:\/\/www.helloasso.com\/associations\/kasalab\/evenements\/les-standards-du-kasala-initiation-2\">Je m&rsquo;inscris<\/a><\/div>\n<\/div>\n<\/div>\n<div id=\"Carrousel_2\" class=\"Element_Carrousel\">\n<div class=\"ACC_NEW\">INITIATION.2<\/div>\n<div class=\"ACC_CADRE\">\n<div class=\"ACC_TITRE\">Kas\u00e0l\u00e0 de toi, moi, nous<\/div>\n<div class=\"ACC_DATE\">le 30 Novembre 2025<\/div>\n<div class=\"ACC_TEXTE\">\n<div class=\"ACC_LISTE_CERTIF_ICONE\"><\/div>\n<div class=\"ACC_LISTE_CERTIF\">Formation certifiante en ligne<\/div>\n<p><span><\/span><\/p>\n<div class=\"ubuntu-regular\">L&rsquo;art de la c\u00e9l\u00e9bration de l&rsquo;autre,<\/div>\n<div class=\"ubuntu-regular\">de soi, de la vie<\/div>\n<div class=\"ACC_LOGO2_CAROUSEL\"><\/div>\n<div class=\"ubuntu-regular\">Une exclusivit\u00e9 de l&rsquo;Ecole Fran\u00e7aise<\/div>\n<div class=\"ubuntu-regular\">de Kas\u00e0l\u00e0 Contemporain<\/div>\n<\/div>\n<div class=\"ACC_BOUTON ubuntu-regular\" style=\"border-color:white; color:white;\"><a style=\"color:whitesmoke;\" href=\"https:\/\/www.helloasso.com\/associations\/kasalab\/evenements\/kasala-de-toi-moi-nous-initiation-2\">Je m&rsquo;inscris<\/a><\/div>\n<\/div>\n<\/div>\n<div id=\"Carrousel_5\" class=\"Element_Carrousel\">\n<div class=\"Carrousel_5\">NOUVEAU !<\/div>\n<div class=\"ACC_CADRE\">\n<div class=\"ACC_LOGO_CAROUSEL masquer\"><\/div>\n<div class=\"ACC_TITRE\">Honorer mes deuils secrets<\/div>\n<div class=\"ACC_DATE\">le 22 novembre 2025<\/div>\n<div class=\"ACC_TEXTE\">\n<div class=\"ACC_LISTE_CERTIF_ICONE\"><\/div>\n<div class=\"ACC_LISTE_CERTIF\">Formation certifiante en ligne<\/div>\n<p><span><\/span><\/p>\n<div class=\"ubuntu-regular\">Reconna\u00eetre la disparition de liens et<\/div>\n<div class=\"ubuntu-regular\">relations cach\u00e9s, exprimer sa peine, la<\/div>\n<div class=\"ubuntu-regular\">c\u00e9l\u00e9brer et la transformer avec le<\/div>\n<div class=\"ubuntu-regular\">kasaleo<\/div>\n<\/div>\n<div class=\"ACC_BOUTON ubuntu-regular\" style=\"border-color:white; color:white;\"><a style=\"color:whitesmoke;\" href=\"https:\/\/www.helloasso.com\/associations\/kasalab\/evenements\/honorer-mes-deuils-secrets\">Je m&rsquo;inscris<\/a><\/div>\n<\/div>\n<\/div>\n","protected":false},"excerpt":{"rendered":"<p>Avoir l&rsquo;image Kasalab en guise de titre IN\u00c9DIT ! Kas\u00e0l\u00e0 et narrative en Corse du 22 au 27 mai Un d\u00e9cor de r\u00eave pour d\u00e9couvrir l\u2019union du kas\u00e0l\u00e0 et des pratiques narratives en Corse en mai 2025 : apprendre \u00e0 cr\u00e9er des liens en un temps record solidariser une \u00e9quipe c\u00e9l\u00e9brer et ritualiser les transitions &hellip; <\/p>\n<p class=\"link-more\"><a href=\"https:\/\/kasalab.fr\/index.php\/_anciennes_comm\/\" class=\"more-link\">Continuer la lecture<span class=\"screen-reader-text\"> de &laquo;&nbsp;_Anciennes_Comm&nbsp;&raquo;<\/span><\/a><\/p>\n","protected":false},"author":1,"featured_media":0,"parent":0,"menu_order":0,"comment_status":"closed","ping_status":"closed","template":"","meta":{"footnotes":""},"simple-restrict-permission":[],"class_list":["post-43","page","type-page","status-publish","hentry"],"jetpack_sharing_enabled":true,"_links":{"self":[{"href":"https:\/\/kasalab.fr\/index.php\/wp-json\/wp\/v2\/pages\/43","targetHints":{"allow":["GET"]}}],"collection":[{"href":"https:\/\/kasalab.fr\/index.php\/wp-json\/wp\/v2\/pages"}],"about":[{"href":"https:\/\/kasalab.fr\/index.php\/wp-json\/wp\/v2\/types\/page"}],"author":[{"embeddable":true,"href":"https:\/\/kasalab.fr\/index.php\/wp-json\/wp\/v2\/users\/1"}],"replies":[{"embeddable":true,"href":"https:\/\/kasalab.fr\/index.php\/wp-json\/wp\/v2\/comments?post=43"}],"version-history":[{"count":6,"href":"https:\/\/kasalab.fr\/index.php\/wp-json\/wp\/v2\/pages\/43\/revisions"}],"predecessor-version":[{"id":499,"href":"https:\/\/kasalab.fr\/index.php\/wp-json\/wp\/v2\/pages\/43\/revisions\/499"}],"wp:attachment":[{"href":"https:\/\/kasalab.fr\/index.php\/wp-json\/wp\/v2\/media?parent=43"}],"wp:term":[{"taxonomy":"simple-restrict-permission","embeddable":true,"href":"https:\/\/kasalab.fr\/index.php\/wp-json\/wp\/v2\/simple-restrict-permission?post=43"}],"curies":[{"name":"wp","href":"https:\/\/api.w.org\/{rel}","templated":true}]}}